{"id":2996,"date":"2025-03-09T21:19:26","date_gmt":"2025-03-09T20:19:26","guid":{"rendered":"https:\/\/laclefdupermis.com\/?page_id=2996"},"modified":"2025-11-27T11:24:30","modified_gmt":"2025-11-27T10:24:30","slug":"nos-accompagnements-ftj","status":"publish","type":"page","link":"https:\/\/laclefdupermis.com\/index.php\/nos-accompagnements-ftj\/","title":{"rendered":"Nos Accompagnements FTJ"},"content":{"rendered":"\t\t<div data-elementor-type=\"wp-page\" data-elementor-id=\"2996\" class=\"elementor elementor-2996\" data-elementor-settings=\"[]\">\n\t\t\t\t\t\t\t<div class=\"elementor-section-wrap\">\n\t\t\t\t\t\t\t<section class=\"elementor-section elementor-top-section elementor-element elementor-element-14099b0 elementor-section-boxed elementor-section-height-default elementor-section-height-default\" data-id=\"14099b0\" data-element_type=\"section\">\n\t\t\t\t\t\t<div class=\"elementor-container elementor-column-gap-default\">\n\t\t\t\t\t<div class=\"elementor-column elementor-col-100 elementor-top-column elementor-element elementor-element-a11d392\" data-id=\"a11d392\" data-element_type=\"column\">\n\t\t\t<div class=\"elementor-widget-wrap elementor-element-populated\">\n\t\t\t\t\t\t\t\t<div class=\"elementor-element elementor-element-3c03acf elementor-widget elementor-widget-image\" data-id=\"3c03acf\" data-element_type=\"widget\" data-widget_type=\"image.default\">\n\t\t\t\t<div class=\"elementor-widget-container\">\n\t\t\t\t\t\t\t\t\t\t\t\t\t\t\t<img width=\"1024\" height=\"71\" src=\"https:\/\/i2.wp.com\/laclefdupermis.com\/wp-content\/uploads\/2025\/11\/Capture-de\u0301cran-2025-11-27-a\u0300-11.24.04.png?fit=1024%2C71&amp;ssl=1\" class=\"attachment-large size-large\" alt=\"\" loading=\"lazy\" srcset=\"https:\/\/i2.wp.com\/laclefdupermis.com\/wp-content\/uploads\/2025\/11\/Capture-de\u0301cran-2025-11-27-a\u0300-11.24.04.png?w=1027&amp;ssl=1 1027w, https:\/\/i2.wp.com\/laclefdupermis.com\/wp-content\/uploads\/2025\/11\/Capture-de\u0301cran-2025-11-27-a\u0300-11.24.04.png?resize=300%2C21&amp;ssl=1 300w, https:\/\/i2.wp.com\/laclefdupermis.com\/wp-content\/uploads\/2025\/11\/Capture-de\u0301cran-2025-11-27-a\u0300-11.24.04.png?resize=1024%2C71&amp;ssl=1 1024w, https:\/\/i2.wp.com\/laclefdupermis.com\/wp-content\/uploads\/2025\/11\/Capture-de\u0301cran-2025-11-27-a\u0300-11.24.04.png?resize=768%2C53&amp;ssl=1 768w\" sizes=\"(max-width: 1024px) 100vw, 1024px\" \/>\t\t\t\t\t\t\t\t\t\t\t\t\t\t\t<\/div>\n\t\t\t\t<\/div>\n\t\t\t\t\t<\/div>\n\t\t<\/div>\n\t\t\t\t\t\t\t<\/div>\n\t\t<\/section>\n\t\t\t\t<section class=\"elementor-section elementor-top-section elementor-element elementor-element-17b6982 elementor-section-boxed elementor-section-height-default elementor-section-height-default\" data-id=\"17b6982\" data-element_type=\"section\">\n\t\t\t\t\t\t<div class=\"elementor-container elementor-column-gap-default\">\n\t\t\t\t\t<div class=\"elementor-column elementor-col-100 elementor-top-column elementor-element elementor-element-86c77b8\" data-id=\"86c77b8\" data-element_type=\"column\">\n\t\t\t<div class=\"elementor-widget-wrap elementor-element-populated\">\n\t\t\t\t\t\t\t\t<div class=\"elementor-element elementor-element-aa4dbcf elementor-widget elementor-widget-heading\" data-id=\"aa4dbcf\" data-element_type=\"widget\" data-widget_type=\"heading.default\">\n\t\t\t\t<div class=\"elementor-widget-container\">\n\t\t\t<h2 class=\"elementor-heading-title elementor-size-default\">Fonds de Transition Juste 2024-2025<\/h2>\t\t<\/div>\n\t\t\t\t<\/div>\n\t\t\t\t<div class=\"elementor-element elementor-element-2feeeeb elementor-widget elementor-widget-text-editor\" data-id=\"2feeeeb\" data-element_type=\"widget\" data-widget_type=\"text-editor.default\">\n\t\t\t\t<div class=\"elementor-widget-container\">\n\t\t\t\t\t\t\t\t<p>Le Fonds de Transition Juste est un financement de l\u2019Europe, qui rel\u00e8ve de la politique de coh\u00e9sion et vise \u00e0 soutenir les territoires confront\u00e9s \u00e0 des difficult\u00e9s socio-\u00e9conomiques r\u00e9sultant de la transition vers la neutralit\u00e9 climatique.\u00a0<\/p><p>Gr\u00e2ce \u00e0 celui-ci, la clef du permis propose 4 accompagnements :<\/p>\t\t\t\t\t\t<\/div>\n\t\t\t\t<\/div>\n\t\t\t\t\t<\/div>\n\t\t<\/div>\n\t\t\t\t\t\t\t<\/div>\n\t\t<\/section>\n\t\t\t\t<section class=\"elementor-section elementor-top-section elementor-element elementor-element-01c954d elementor-section-boxed elementor-section-height-default elementor-section-height-default\" data-id=\"01c954d\" data-element_type=\"section\">\n\t\t\t\t\t\t<div class=\"elementor-container elementor-column-gap-default\">\n\t\t\t\t\t<div class=\"elementor-column elementor-col-50 elementor-top-column elementor-element elementor-element-cb7a76d\" data-id=\"cb7a76d\" data-element_type=\"column\">\n\t\t\t<div class=\"elementor-widget-wrap elementor-element-populated\">\n\t\t\t\t\t\t\t\t<div class=\"elementor-element elementor-element-bac6876 elementor-widget elementor-widget-heading\" data-id=\"bac6876\" data-element_type=\"widget\" data-widget_type=\"heading.default\">\n\t\t\t\t<div class=\"elementor-widget-container\">\n\t\t\t<h2 class=\"elementor-heading-title elementor-size-default\">Conseil Mobilit\u00e9<\/h2>\t\t<\/div>\n\t\t\t\t<\/div>\n\t\t\t\t<div class=\"elementor-element elementor-element-51658f7 elementor-widget elementor-widget-text-editor\" data-id=\"51658f7\" data-element_type=\"widget\" data-widget_type=\"text-editor.default\">\n\t\t\t\t<div class=\"elementor-widget-container\">\n\t\t\t\t\t\t\t\t<p><b>R\u00e9f\u00e9rent<\/b> <b>mobilit\u00e9<\/b><b> de premier <\/b><b>niveau<\/b> <b>d\u2019information<\/b><b> , orientation et recherche de solutions:<\/b><\/p><p>-R\u00e9alisation d\u2019un diagnostique mobilit\u00e9 en identifiant les principales difficult\u00e9s rencontr\u00e9es et suivi r\u00e9gulier des publics,<\/p><p>-Information des publics sur l\u2019offre territoriale de mobilit\u00e9, aide \u00e0 la recherche d\u2019itin\u00e9raires, conseil pour l\u2019achat d\u2019un v\u00e9hicule,<\/p><p>-Mobilisation de l\u2019offre de mobilit\u00e9 et gestion des situations des publics en parcours d\u2019insertion pour identifier les solutions<\/p>\t\t\t\t\t\t<\/div>\n\t\t\t\t<\/div>\n\t\t\t\t\t<\/div>\n\t\t<\/div>\n\t\t\t\t<div class=\"elementor-column elementor-col-50 elementor-top-column elementor-element elementor-element-c189b95\" data-id=\"c189b95\" data-element_type=\"column\">\n\t\t\t<div class=\"elementor-widget-wrap elementor-element-populated\">\n\t\t\t\t\t\t\t\t<div class=\"elementor-element elementor-element-7ac1906 elementor-widget elementor-widget-image\" data-id=\"7ac1906\" data-element_type=\"widget\" data-widget_type=\"image.default\">\n\t\t\t\t<div class=\"elementor-widget-container\">\n\t\t\t\t\t\t\t\t\t\t\t\t\t\t\t<img width=\"359\" height=\"415\" src=\"https:\/\/i2.wp.com\/laclefdupermis.com\/wp-content\/uploads\/2025\/03\/Capture-de\u0301cran-2025-02-25-a\u0300-17.20.06.png?fit=359%2C415&amp;ssl=1\" class=\"attachment-large size-large\" alt=\"\" loading=\"lazy\" srcset=\"https:\/\/i2.wp.com\/laclefdupermis.com\/wp-content\/uploads\/2025\/03\/Capture-de\u0301cran-2025-02-25-a\u0300-17.20.06.png?w=359&amp;ssl=1 359w, https:\/\/i2.wp.com\/laclefdupermis.com\/wp-content\/uploads\/2025\/03\/Capture-de\u0301cran-2025-02-25-a\u0300-17.20.06.png?resize=260%2C300&amp;ssl=1 260w\" sizes=\"(max-width: 359px) 100vw, 359px\" \/>\t\t\t\t\t\t\t\t\t\t\t\t\t\t\t<\/div>\n\t\t\t\t<\/div>\n\t\t\t\t\t<\/div>\n\t\t<\/div>\n\t\t\t\t\t\t\t<\/div>\n\t\t<\/section>\n\t\t\t\t<section class=\"elementor-section elementor-top-section elementor-element elementor-element-0dc04e8 elementor-section-boxed elementor-section-height-default elementor-section-height-default\" data-id=\"0dc04e8\" data-element_type=\"section\">\n\t\t\t\t\t\t<div class=\"elementor-container elementor-column-gap-default\">\n\t\t\t\t\t<div class=\"elementor-column elementor-col-50 elementor-top-column elementor-element elementor-element-ba9b595\" data-id=\"ba9b595\" data-element_type=\"column\">\n\t\t\t<div class=\"elementor-widget-wrap elementor-element-populated\">\n\t\t\t\t\t\t\t\t<div class=\"elementor-element elementor-element-3958998 elementor-widget elementor-widget-heading\" data-id=\"3958998\" data-element_type=\"widget\" data-widget_type=\"heading.default\">\n\t\t\t\t<div class=\"elementor-widget-container\">\n\t\t\t<h2 class=\"elementor-heading-title elementor-size-default\">Soutien mobilit\u00e9<\/h2>\t\t<\/div>\n\t\t\t\t<\/div>\n\t\t\t\t<div class=\"elementor-element elementor-element-f07f5dc elementor-widget elementor-widget-text-editor\" data-id=\"f07f5dc\" data-element_type=\"widget\" data-widget_type=\"text-editor.default\">\n\t\t\t\t<div class=\"elementor-widget-container\">\n\t\t\t\t\t\t\t\t<p><b>Appui<\/b><b> \u00e0 <\/b><b>l\u2019adaptation<\/b><b> des <\/b><b>moteurs<\/b> <b>\u00e9thanol<\/b> <b>ou<\/b> <b>gaz<\/b><b> pour des public <\/b><b>en<\/b><b> insertion, avec une prise en charge financi\u00e8re jusque 1 000\u20ac<\/b><\/p><p>-V\u00e9rification des documents administratifs et de la compatibilit\u00e9 du v\u00e9hicule,<\/p><p>-Rendez-vous chez le garagiste<\/p><p>-Elaboration d\u2019un plan de financement<\/p><p>-Modification de la carte grise et bilan<\/p>\t\t\t\t\t\t<\/div>\n\t\t\t\t<\/div>\n\t\t\t\t\t<\/div>\n\t\t<\/div>\n\t\t\t\t<div class=\"elementor-column elementor-col-50 elementor-top-column elementor-element elementor-element-4226efc\" data-id=\"4226efc\" data-element_type=\"column\">\n\t\t\t<div class=\"elementor-widget-wrap elementor-element-populated\">\n\t\t\t\t\t\t\t\t<div class=\"elementor-element elementor-element-adebe76 elementor-widget elementor-widget-heading\" data-id=\"adebe76\" data-element_type=\"widget\" data-widget_type=\"heading.default\">\n\t\t\t\t<div class=\"elementor-widget-container\">\n\t\t\t<h2 class=\"elementor-heading-title elementor-size-default\">Pourquoi se convertir son v\u00e9hicule au Bio\u00e9thanol ou au gaz?<\/h2>\t\t<\/div>\n\t\t\t\t<\/div>\n\t\t\t\t<div class=\"elementor-element elementor-element-ee6d536 elementor-widget elementor-widget-text-editor\" data-id=\"ee6d536\" data-element_type=\"widget\" data-widget_type=\"text-editor.default\">\n\t\t\t\t<div class=\"elementor-widget-container\">\n\t\t\t\t\t\t\t\t<p>-Economie : Carburant jusqu&rsquo;a 50% moins cher<\/p><p>-Ecologique : Moins de rejet de CO2<\/p>\t\t\t\t\t\t<\/div>\n\t\t\t\t<\/div>\n\t\t\t\t<div class=\"elementor-element elementor-element-304d124 elementor-widget elementor-widget-image\" data-id=\"304d124\" data-element_type=\"widget\" data-widget_type=\"image.default\">\n\t\t\t\t<div class=\"elementor-widget-container\">\n\t\t\t\t\t\t\t\t\t\t\t\t\t\t\t<img width=\"1024\" height=\"683\" src=\"https:\/\/i1.wp.com\/laclefdupermis.com\/wp-content\/uploads\/2025\/03\/green-car.jpg?fit=1024%2C683&amp;ssl=1\" class=\"attachment-large size-large\" alt=\"\" loading=\"lazy\" srcset=\"https:\/\/i1.wp.com\/laclefdupermis.com\/wp-content\/uploads\/2025\/03\/green-car.jpg?w=1920&amp;ssl=1 1920w, https:\/\/i1.wp.com\/laclefdupermis.com\/wp-content\/uploads\/2025\/03\/green-car.jpg?resize=300%2C200&amp;ssl=1 300w, https:\/\/i1.wp.com\/laclefdupermis.com\/wp-content\/uploads\/2025\/03\/green-car.jpg?resize=1024%2C683&amp;ssl=1 1024w, https:\/\/i1.wp.com\/laclefdupermis.com\/wp-content\/uploads\/2025\/03\/green-car.jpg?resize=768%2C512&amp;ssl=1 768w, https:\/\/i1.wp.com\/laclefdupermis.com\/wp-content\/uploads\/2025\/03\/green-car.jpg?resize=1536%2C1024&amp;ssl=1 1536w\" sizes=\"(max-width: 1024px) 100vw, 1024px\" \/>\t\t\t\t\t\t\t\t\t\t\t\t\t\t\t<\/div>\n\t\t\t\t<\/div>\n\t\t\t\t\t<\/div>\n\t\t<\/div>\n\t\t\t\t\t\t\t<\/div>\n\t\t<\/section>\n\t\t\t\t<section class=\"elementor-section elementor-top-section elementor-element elementor-element-493cfc1 elementor-section-boxed elementor-section-height-default elementor-section-height-default\" data-id=\"493cfc1\" data-element_type=\"section\">\n\t\t\t\t\t\t<div class=\"elementor-container elementor-column-gap-default\">\n\t\t\t\t\t<div class=\"elementor-column elementor-col-50 elementor-top-column elementor-element elementor-element-cd03a9b\" data-id=\"cd03a9b\" data-element_type=\"column\">\n\t\t\t<div class=\"elementor-widget-wrap elementor-element-populated\">\n\t\t\t\t\t\t\t\t<div class=\"elementor-element elementor-element-56bbed2 elementor-widget elementor-widget-heading\" data-id=\"56bbed2\" data-element_type=\"widget\" data-widget_type=\"heading.default\">\n\t\t\t\t<div class=\"elementor-widget-container\">\n\t\t\t<h2 class=\"elementor-heading-title elementor-size-default\">PASS Mobilit\u00e9<\/h2>\t\t<\/div>\n\t\t\t\t<\/div>\n\t\t\t\t<div class=\"elementor-element elementor-element-564669c elementor-widget elementor-widget-text-editor\" data-id=\"564669c\" data-element_type=\"widget\" data-widget_type=\"text-editor.default\">\n\t\t\t\t<div class=\"elementor-widget-container\">\n\t\t\t\t\t\t\t\t<p><b>Contribution au <\/b><b>cout<\/b><b> de la location d\u2019un <\/b><b>v\u00e9hicule<\/b><b> dans un parc social <\/b><b>ou<\/b> <b>solidaire<\/b><b> pour des public <\/b><b>en<\/b><b> insertion <\/b><\/p><p>Aide financi\u00e8re \u00e0 la location solidaire de v\u00e9hicules permettant aux b\u00e9n\u00e9ficiaires d\u2019acc\u00e9der \u00e0 un moyen de transport adapt\u00e9 \u00e0 leurs besoins de d\u00e9placements professionnels ou de formation.<\/p>\t\t\t\t\t\t<\/div>\n\t\t\t\t<\/div>\n\t\t\t\t\t<\/div>\n\t\t<\/div>\n\t\t\t\t<div class=\"elementor-column elementor-col-50 elementor-top-column elementor-element elementor-element-0d99593\" data-id=\"0d99593\" data-element_type=\"column\">\n\t\t\t<div class=\"elementor-widget-wrap elementor-element-populated\">\n\t\t\t\t\t\t\t\t<div class=\"elementor-element elementor-element-38afcde elementor-widget elementor-widget-image\" data-id=\"38afcde\" data-element_type=\"widget\" data-widget_type=\"image.default\">\n\t\t\t\t<div class=\"elementor-widget-container\">\n\t\t\t\t\t\t\t\t\t\t\t\t\t\t\t<img width=\"938\" height=\"312\" src=\"https:\/\/i0.wp.com\/laclefdupermis.com\/wp-content\/uploads\/2025\/03\/Sans-titre.png?fit=938%2C312&amp;ssl=1\" class=\"attachment-large size-large\" alt=\"\" loading=\"lazy\" srcset=\"https:\/\/i0.wp.com\/laclefdupermis.com\/wp-content\/uploads\/2025\/03\/Sans-titre.png?w=938&amp;ssl=1 938w, https:\/\/i0.wp.com\/laclefdupermis.com\/wp-content\/uploads\/2025\/03\/Sans-titre.png?resize=300%2C100&amp;ssl=1 300w, https:\/\/i0.wp.com\/laclefdupermis.com\/wp-content\/uploads\/2025\/03\/Sans-titre.png?resize=768%2C255&amp;ssl=1 768w\" sizes=\"(max-width: 938px) 100vw, 938px\" \/>\t\t\t\t\t\t\t\t\t\t\t\t\t\t\t<\/div>\n\t\t\t\t<\/div>\n\t\t\t\t\t<\/div>\n\t\t<\/div>\n\t\t\t\t\t\t\t<\/div>\n\t\t<\/section>\n\t\t\t\t<section class=\"elementor-section elementor-top-section elementor-element elementor-element-ec8930c elementor-section-boxed elementor-section-height-default elementor-section-height-default\" data-id=\"ec8930c\" data-element_type=\"section\">\n\t\t\t\t\t\t<div class=\"elementor-container elementor-column-gap-default\">\n\t\t\t\t\t<div class=\"elementor-column elementor-col-100 elementor-top-column elementor-element elementor-element-beb8771\" data-id=\"beb8771\" data-element_type=\"column\">\n\t\t\t<div class=\"elementor-widget-wrap elementor-element-populated\">\n\t\t\t\t\t\t\t\t<div class=\"elementor-element elementor-element-3cd36eb elementor-widget elementor-widget-heading\" data-id=\"3cd36eb\" data-element_type=\"widget\" data-widget_type=\"heading.default\">\n\t\t\t\t<div class=\"elementor-widget-container\">\n\t\t\t<h2 class=\"elementor-heading-title elementor-size-default\">Mobilit\u00e9 comp\u00e9tences<\/h2>\t\t<\/div>\n\t\t\t\t<\/div>\n\t\t\t\t<div class=\"elementor-element elementor-element-25731ea elementor-widget elementor-widget-text-editor\" data-id=\"25731ea\" data-element_type=\"widget\" data-widget_type=\"text-editor.default\">\n\t\t\t\t<div class=\"elementor-widget-container\">\n\t\t\t\t\t\t\t\t<p><b>Adaptation de la pratique de <\/b><b>conduite<\/b><b> sur <\/b><b>v\u00e9hicule<\/b> <b>automatique<\/b><b> pour des publics <\/b><b>en<\/b><b> insertion<\/b><\/p><p>L\u2019objectifs de cette action est de former 26 personnes en insertion ayant le permis de conduire en boite manuelle, au permis de conduire en boite automatique.<\/p>\t\t\t\t\t\t<\/div>\n\t\t\t\t<\/div>\n\t\t\t\t\t<\/div>\n\t\t<\/div>\n\t\t\t\t\t\t\t<\/div>\n\t\t<\/section>\n\t\t\t\t<section class=\"elementor-section elementor-top-section elementor-element elementor-element-b16ef87 elementor-section-boxed elementor-section-height-default elementor-section-height-default\" data-id=\"b16ef87\" data-element_type=\"section\">\n\t\t\t\t\t\t<div class=\"elementor-container elementor-column-gap-default\">\n\t\t\t\t\t<div class=\"elementor-column elementor-col-100 elementor-top-column elementor-element elementor-element-c890986\" data-id=\"c890986\" data-element_type=\"column\">\n\t\t\t<div class=\"elementor-widget-wrap elementor-element-populated\">\n\t\t\t\t\t\t\t\t<div class=\"elementor-element elementor-element-fc096c8 elementor-widget elementor-widget-text-editor\" data-id=\"fc096c8\" data-element_type=\"widget\" data-widget_type=\"text-editor.default\">\n\t\t\t\t<div class=\"elementor-widget-container\">\n\t\t\t\t\t\t\t\t<p class=\"cvGsUA direction-ltr align-center para-style-body\"><strong><span class=\"OYPEnA font-feature-liga-off font-feature-clig-off font-feature-calt-off text-decoration-none text-strikethrough-none\">Ces prestations sont financ\u00e9es \u00e0 100% par l\u2019Union europ\u00e9enne dans le cadre du projet<\/span><span class=\"OYPEnA font-feature-liga-off font-feature-clig-off font-feature-calt-off text-decoration-none text-strikethrough-none\">\u00ab Appui aux politiques locales d\u2019insertion et d\u2019emploi (PLIE) pour une transition juste \u00bb <\/span><span class=\"OYPEnA font-feature-liga-off font-feature-clig-off font-feature-calt-off text-decoration-none text-strikethrough-none\">pilot\u00e9 par Europe en Hainaut ont pour objet d\u2019accompagner <\/span><\/strong><\/p><p class=\"cvGsUA direction-ltr align-center para-style-body\"><strong><span class=\"OYPEnA font-feature-liga-off font-feature-clig-off font-feature-calt-off text-decoration-none text-strikethrough-none\">les demandeurs d\u2019emploi et\/ou allocataires du RSA, en d\u00e9marche d\u2019insertion professionnelle, et r\u00e9sidant sur le p\u00e9rim\u00e8tre ERBM, territoire CAVM et CAPH, de mani\u00e8re individuelle ou lors d\u2019ateliers collectifs.<\/span><\/strong><\/p><p class=\"cvGsUA direction-ltr align-center para-style-body\">\u00a0<\/p>\t\t\t\t\t\t<\/div>\n\t\t\t\t<\/div>\n\t\t\t\t\t<\/div>\n\t\t<\/div>\n\t\t\t\t\t\t\t<\/div>\n\t\t<\/section>\n\t\t\t\t\t\t<\/div>\n\t\t\t\t\t<\/div>\n\t\t","protected":false},"excerpt":{"rendered":"<p>Fonds de Transition Juste 2024-2025 Le Fonds de Transition Juste est un financement de l\u2019Europe, qui rel\u00e8ve de la politique de coh\u00e9sion et vise \u00e0 soutenir les territoires confront\u00e9s \u00e0 des difficult\u00e9s socio-\u00e9conomiques r\u00e9sultant de la transition vers la neutralit\u00e9 climatique.\u00a0 Gr\u00e2ce \u00e0 celui-ci, la clef du permis propose 4 accompagnements : Conseil Mobilit\u00e9 R\u00e9f\u00e9rent [&hellip;]<\/p>\n","protected":false},"author":1,"featured_media":0,"parent":0,"menu_order":0,"comment_status":"closed","ping_status":"closed","template":"","meta":{"spay_email":""},"yoast_head":"<!-- This site is optimized with the Yoast SEO plugin v16.7 - https:\/\/yoast.com\/wordpress\/plugins\/seo\/ -->\n<title>Nos Accompagnements FTJ - La Clef du Permis<\/title>\n<meta name=\"robots\" content=\"index, follow, max-snippet:-1, max-image-preview:large, max-video-preview:-1\" \/>\n<link rel=\"canonical\" href=\"https:\/\/laclefdupermis.com\/index.php\/nos-accompagnements-ftj\/\" \/>\n<meta property=\"og:locale\" content=\"fr_FR\" \/>\n<meta property=\"og:type\" content=\"article\" \/>\n<meta property=\"og:title\" content=\"Nos Accompagnements FTJ - La Clef du Permis\" \/>\n<meta property=\"og:description\" content=\"Fonds de Transition Juste 2024-2025 Le Fonds de Transition Juste est un financement de l\u2019Europe, qui rel\u00e8ve de la politique de coh\u00e9sion et vise \u00e0 soutenir les territoires confront\u00e9s \u00e0 des difficult\u00e9s socio-\u00e9conomiques r\u00e9sultant de la transition vers la neutralit\u00e9 climatique.\u00a0 Gr\u00e2ce \u00e0 celui-ci, la clef du permis propose 4 accompagnements : Conseil Mobilit\u00e9 R\u00e9f\u00e9rent [&hellip;]\" \/>\n<meta property=\"og:url\" content=\"https:\/\/laclefdupermis.com\/index.php\/nos-accompagnements-ftj\/\" \/>\n<meta property=\"og:site_name\" content=\"La Clef du Permis\" \/>\n<meta property=\"article:modified_time\" content=\"2025-11-27T10:24:30+00:00\" \/>\n<meta property=\"og:image\" content=\"https:\/\/laclefdupermis.com\/wp-content\/uploads\/2025\/11\/Capture-de\u0301cran-2025-11-27-a\u0300-11.24.04-1024x71.png\" \/>\n<meta name=\"twitter:card\" content=\"summary_large_image\" \/>\n<meta name=\"twitter:label1\" content=\"Dur\u00e9e de lecture est.\" \/>\n\t<meta name=\"twitter:data1\" content=\"3 minutes\" \/>\n<script type=\"application\/ld+json\" class=\"yoast-schema-graph\">{\"@context\":\"https:\/\/schema.org\",\"@graph\":[{\"@type\":\"WebSite\",\"@id\":\"https:\/\/laclefdupermis.com\/#website\",\"url\":\"https:\/\/laclefdupermis.com\/\",\"name\":\"La Clef du Permis\",\"description\":\"Passez votre permis rapidement\",\"potentialAction\":[{\"@type\":\"SearchAction\",\"target\":{\"@type\":\"EntryPoint\",\"urlTemplate\":\"https:\/\/laclefdupermis.com\/?s={search_term_string}\"},\"query-input\":\"required name=search_term_string\"}],\"inLanguage\":\"fr-FR\"},{\"@type\":\"ImageObject\",\"@id\":\"https:\/\/laclefdupermis.com\/index.php\/nos-accompagnements-ftj\/#primaryimage\",\"inLanguage\":\"fr-FR\",\"url\":\"https:\/\/i2.wp.com\/laclefdupermis.com\/wp-content\/uploads\/2025\/11\/Capture-de\\u0301cran-2025-11-27-a\\u0300-11.24.04.png?fit=1027%2C71&ssl=1\",\"contentUrl\":\"https:\/\/i2.wp.com\/laclefdupermis.com\/wp-content\/uploads\/2025\/11\/Capture-de\\u0301cran-2025-11-27-a\\u0300-11.24.04.png?fit=1027%2C71&ssl=1\",\"width\":1027,\"height\":71},{\"@type\":\"WebPage\",\"@id\":\"https:\/\/laclefdupermis.com\/index.php\/nos-accompagnements-ftj\/#webpage\",\"url\":\"https:\/\/laclefdupermis.com\/index.php\/nos-accompagnements-ftj\/\",\"name\":\"Nos Accompagnements FTJ - La Clef du Permis\",\"isPartOf\":{\"@id\":\"https:\/\/laclefdupermis.com\/#website\"},\"primaryImageOfPage\":{\"@id\":\"https:\/\/laclefdupermis.com\/index.php\/nos-accompagnements-ftj\/#primaryimage\"},\"datePublished\":\"2025-03-09T20:19:26+00:00\",\"dateModified\":\"2025-11-27T10:24:30+00:00\",\"breadcrumb\":{\"@id\":\"https:\/\/laclefdupermis.com\/index.php\/nos-accompagnements-ftj\/#breadcrumb\"},\"inLanguage\":\"fr-FR\",\"potentialAction\":[{\"@type\":\"ReadAction\",\"target\":[\"https:\/\/laclefdupermis.com\/index.php\/nos-accompagnements-ftj\/\"]}]},{\"@type\":\"BreadcrumbList\",\"@id\":\"https:\/\/laclefdupermis.com\/index.php\/nos-accompagnements-ftj\/#breadcrumb\",\"itemListElement\":[{\"@type\":\"ListItem\",\"position\":1,\"name\":\"Accueil\",\"item\":\"https:\/\/laclefdupermis.com\/\"},{\"@type\":\"ListItem\",\"position\":2,\"name\":\"Nos Accompagnements FTJ\"}]}]}<\/script>\n<!-- \/ Yoast SEO plugin. -->","yoast_head_json":{"title":"Nos Accompagnements FTJ - La Clef du Permis","robots":{"index":"index","follow":"follow","max-snippet":"max-snippet:-1","max-image-preview":"max-image-preview:large","max-video-preview":"max-video-preview:-1"},"canonical":"https:\/\/laclefdupermis.com\/index.php\/nos-accompagnements-ftj\/","og_locale":"fr_FR","og_type":"article","og_title":"Nos Accompagnements FTJ - La Clef du Permis","og_description":"Fonds de Transition Juste 2024-2025 Le Fonds de Transition Juste est un financement de l\u2019Europe, qui rel\u00e8ve de la politique de coh\u00e9sion et vise \u00e0 soutenir les territoires confront\u00e9s \u00e0 des difficult\u00e9s socio-\u00e9conomiques r\u00e9sultant de la transition vers la neutralit\u00e9 climatique.\u00a0 Gr\u00e2ce \u00e0 celui-ci, la clef du permis propose 4 accompagnements : Conseil Mobilit\u00e9 R\u00e9f\u00e9rent [&hellip;]","og_url":"https:\/\/laclefdupermis.com\/index.php\/nos-accompagnements-ftj\/","og_site_name":"La Clef du Permis","article_modified_time":"2025-11-27T10:24:30+00:00","og_image":[{"url":"https:\/\/laclefdupermis.com\/wp-content\/uploads\/2025\/11\/Capture-de\u0301cran-2025-11-27-a\u0300-11.24.04-1024x71.png"}],"twitter_card":"summary_large_image","twitter_misc":{"Dur\u00e9e de lecture est.":"3 minutes"},"schema":{"@context":"https:\/\/schema.org","@graph":[{"@type":"WebSite","@id":"https:\/\/laclefdupermis.com\/#website","url":"https:\/\/laclefdupermis.com\/","name":"La Clef du Permis","description":"Passez votre permis rapidement","potentialAction":[{"@type":"SearchAction","target":{"@type":"EntryPoint","urlTemplate":"https:\/\/laclefdupermis.com\/?s={search_term_string}"},"query-input":"required name=search_term_string"}],"inLanguage":"fr-FR"},{"@type":"ImageObject","@id":"https:\/\/laclefdupermis.com\/index.php\/nos-accompagnements-ftj\/#primaryimage","inLanguage":"fr-FR","url":"https:\/\/i2.wp.com\/laclefdupermis.com\/wp-content\/uploads\/2025\/11\/Capture-de\u0301cran-2025-11-27-a\u0300-11.24.04.png?fit=1027%2C71&ssl=1","contentUrl":"https:\/\/i2.wp.com\/laclefdupermis.com\/wp-content\/uploads\/2025\/11\/Capture-de\u0301cran-2025-11-27-a\u0300-11.24.04.png?fit=1027%2C71&ssl=1","width":1027,"height":71},{"@type":"WebPage","@id":"https:\/\/laclefdupermis.com\/index.php\/nos-accompagnements-ftj\/#webpage","url":"https:\/\/laclefdupermis.com\/index.php\/nos-accompagnements-ftj\/","name":"Nos Accompagnements FTJ - La Clef du Permis","isPartOf":{"@id":"https:\/\/laclefdupermis.com\/#website"},"primaryImageOfPage":{"@id":"https:\/\/laclefdupermis.com\/index.php\/nos-accompagnements-ftj\/#primaryimage"},"datePublished":"2025-03-09T20:19:26+00:00","dateModified":"2025-11-27T10:24:30+00:00","breadcrumb":{"@id":"https:\/\/laclefdupermis.com\/index.php\/nos-accompagnements-ftj\/#breadcrumb"},"inLanguage":"fr-FR","potentialAction":[{"@type":"ReadAction","target":["https:\/\/laclefdupermis.com\/index.php\/nos-accompagnements-ftj\/"]}]},{"@type":"BreadcrumbList","@id":"https:\/\/laclefdupermis.com\/index.php\/nos-accompagnements-ftj\/#breadcrumb","itemListElement":[{"@type":"ListItem","position":1,"name":"Accueil","item":"https:\/\/laclefdupermis.com\/"},{"@type":"ListItem","position":2,"name":"Nos Accompagnements FTJ"}]}]}},"jetpack_sharing_enabled":true,"jetpack_likes_enabled":true,"_links":{"self":[{"href":"https:\/\/laclefdupermis.com\/index.php\/wp-json\/wp\/v2\/pages\/2996"}],"collection":[{"href":"https:\/\/laclefdupermis.com\/index.php\/wp-json\/wp\/v2\/pages"}],"about":[{"href":"https:\/\/laclefdupermis.com\/index.php\/wp-json\/wp\/v2\/types\/page"}],"author":[{"embeddable":true,"href":"https:\/\/laclefdupermis.com\/index.php\/wp-json\/wp\/v2\/users\/1"}],"replies":[{"embeddable":true,"href":"https:\/\/laclefdupermis.com\/index.php\/wp-json\/wp\/v2\/comments?post=2996"}],"version-history":[{"count":31,"href":"https:\/\/laclefdupermis.com\/index.php\/wp-json\/wp\/v2\/pages\/2996\/revisions"}],"predecessor-version":[{"id":3072,"href":"https:\/\/laclefdupermis.com\/index.php\/wp-json\/wp\/v2\/pages\/2996\/revisions\/3072"}],"wp:attachment":[{"href":"https:\/\/laclefdupermis.com\/index.php\/wp-json\/wp\/v2\/media?parent=2996"}],"curies":[{"name":"wp","href":"https:\/\/api.w.org\/{rel}","templated":true}]}}